{"id":57731,"date":"2021-07-02T13:41:06","date_gmt":"2021-07-02T13:41:06","guid":{"rendered":"https:\/\/autismwales.org\/news\/events\/free-employment-event\/"},"modified":"2021-11-26T16:16:38","modified_gmt":"2021-11-26T16:16:38","slug":"free-employment-event","status":"publish","type":"events","link":"https:\/\/neurodivergencewales.org\/cy\/news\/events\/free-employment-event\/","title":{"rendered":"Digwyddiadau Cyflogaeth Am Ddim"},"content":{"rendered":"<h2><strong>Archwilio Cyflogaeth: <\/strong>Sut i ddod o hyd i&#8217;r swydd neu&#8217;r yrfa sy&#8217;n iawn i chi a&#8217;i chadw<\/h2>\n<h2>3ydd Rhagfyr &#8211; 10yb-12:45yh<\/h2>\n<p><img fetchpriority=\"high\" decoding=\"async\" class=\"alignnone size-medium wp-image-69159\" src=\"https:\/\/neurodivergencewales.org\/wp-content\/uploads\/2021\/07\/exploring-employment_twitter_CYM_1-800x400.jpg\" alt=\"\" width=\"800\" height=\"400\" srcset=\"https:\/\/neurodivergencewales.org\/wp-content\/uploads\/2021\/07\/exploring-employment_twitter_CYM_1-800x400.jpg 800w, https:\/\/neurodivergencewales.org\/wp-content\/uploads\/2021\/07\/exploring-employment_twitter_CYM_1-768x384.jpg 768w, https:\/\/neurodivergencewales.org\/wp-content\/uploads\/2021\/07\/exploring-employment_twitter_CYM_1.jpg 1025w\" sizes=\"(max-width: 800px) 100vw, 800px\" \/><\/p>\n<p>&nbsp;<\/p>\n<p>Cynhaliodd y T\u00eem Awtistiaeth Cenedlaethol ddigwyddiad cyflogaeth i gyflogwyr ym mis Rhagfyr 2020. Canolbwyntiodd y digwyddiad hwn ar addysgu cyflogwyr am anghenion pobl awtistig a&#8217;r addasiadau rhesymol y mae&#8217;n rhaid eu rhoi mewn lle ar gyfer pobl awtistig yn y gweithle.<\/p>\n<p>&nbsp;<\/p>\n<p>Fel dilyniant i\u2019r digwyddiad hwn, ar 3ydd Rhagfyr 2021 mae&#8217;r T\u00eem Awtistiaeth Cenedlaethol yn cynnal digwyddiad ar gyfer pobl awtistig. Gobaith y digwyddiad yw grymuso pobl awtistig i ddysgu sgiliau a gwybodaeth newydd a allai eu cynorthwyo i ddod o hyd i gyflogaeth ystyrlon a chynnal swydd sy&#8217;n iawn iddyn nhw.<\/p>\n<p>&nbsp;<\/p>\n<p>Mae&#8217;n bwysig bod y digwyddiad hwn yn cael ei gyd-gynhyrchu gyda&#8217;r gymuned awtistig fel y gallwn, ar y cyd, greu digwyddiad sydd o fudd i bobl awtistig.<\/p>\n<p>&nbsp;<\/p>\n<h2><strong>Arolwg Digwyddiad Cyflogaeth Ar-Lein y<br \/>\nT\u00eem Awtistiaeth Cenedlaethol: Adroddiad ar y Canlyniadau<\/strong><\/h2>\n<p>&nbsp;<\/p>\n<p>Rhwng 21 Mehefin a 23 Gorffennaf cynhaliodd y T\u00eem Awtistiaeth Cenedlaethol arolwg ar gyfer pobl awtistig a\u2019u rhieni\/gofalwyr. Cyd-gynhyrchwyd yr arolwg gydag Autistic UK a gynhaliodd gwiriadau sensitifrwydd a mewnbwn gwerthfawr o ran sut i wneud yr arolwg yn effeithiol a hygyrch i bobl awtistig. Roedd Anabledd Dysgu Cymru a Hawdd ei Ddeall Cymru, a gyfieithodd yr arolwg i ffurf hawdd ei ddeall, hefyd yn rhan o\u2019r gwaith cyd-gynhyrchu i wneud yn si\u0175r ein bod ni\u2019n diwallu anghenion pobl awtistig gydag anableddau dysgu ac yn clywed eu lleisiau.<\/p>\n<p>&nbsp;<\/p>\n<p>Mae\u2019r arolwg yn gofyn i bobl rannu pa bynciau fyddai\u2019n ddefnyddiol iddyn nhw a&#8217;u dull dysgu gorau, i sicrhau bod y digwyddiad yn cael ei drefnu yn seiliedig ar anghenion a barn pobl awtistig. Byddwn yn defnyddio\u2019r ymatebion i ddiffinio paramedrau\u2019r digwyddiad ac i benderfynu pa bynciau y dylem ni ganolbwyntio arnyn nhw yn ystod y sesiynau a sut y dylem ddarparu\u2019r sesiynau hynny.<\/p>\n<p>&nbsp;<\/p>\n<p>I ddarganfod sut ymatebodd pobl awtistig i\u2019r arolwg, <a href=\"https:\/\/neurodivergencewales.org\/wp-content\/uploads\/2021\/08\/Employment-event-survey-results-report_Cym.pdf\">darllenwch ein Adroddiad Canlyniadau Arolwg Digwyddiad Cyflogaeth.\u00a0<\/a><\/p>\n<p>&nbsp;<\/p>\n<p>Trwy ein harolwg gwnaethom adnabod ymatebwyr a oedd am ymuno \u00e2&#8217;n gr\u0175p cynghori digwyddiad cyflogaeth. Rydym wedi gweithio&#8217;n agos gyda&#8217;n gr\u0175p cynghori o bobl awtistig, sydd wedi llunio&#8217;r digwyddiad hwn o&#8217;r dechrau, gan wneud penderfyniadau allweddol am y pynciau y dylai&#8217;r digwyddiad gynnwys, pwy ddylai hwyluso&#8217;r gweithdai, sut y dylid strwythuro&#8217;r digwyddiad a sut y dylai&#8217;r digwyddiad gael ei farchnata.<\/p>\n<p>&nbsp;<\/p>\n<h2><strong>Cam nesaf? Cofrestru ar gyfer y digwyddiad<\/strong><\/h2>\n<p>&nbsp;<\/p>\n<p>Mae&#8217;r digwyddiad yn cael ei gynnal ar 3ydd Rhagfyr 2021, 10yb-12:45yh.<\/p>\n<p>&nbsp;<\/p>\n<p><strong><u>Ar gyfer pwy mae\u2019r digwyddiad?<\/u><\/strong><\/p>\n<p>Pobl awtistig sy\u2019n chwilio am, neu yn barod mewn, gwaith<\/p>\n<p>&nbsp;<\/p>\n<p>Y pynciau sy&#8217;n cael sylw yn y gweithdai yw:<\/p>\n<ul>\n<li>Cyfathrebu eich anghenion gyda\u2019ch cyflogwr &#8211; Autistic Minds<\/li>\n<li>Deall eich hawliau cyflogaeth a\u2019ch cyfrifoldebau &#8211; Disability Wales<\/li>\n<li>Rheoli eich iechyd meddwl a\u2019ch lles yn y gwaith &#8211; Autism Wellbeing<\/li>\n<li>Gweithio&#8217;n Hyblyg &#8211; Careers Wales<\/li>\n<li>Cyfweliadau &#8211; All Wales People First<\/li>\n<li>Nodi eich sgiliau a\u2019ch diddordebau a swydd neu yrfa sy\u2019n ystyrlon ar eich cyfer chi &#8211; Working Wales<\/li>\n<\/ul>\n<p>&nbsp;<\/p>\n<p>Cewch ddewis dau weithdy i\u2019w mynychu yn ystod y digwyddiad byw. Gallwch ddewis y gweithdai hyn drwy ddefnyddio\u2019r ddolen i gofrestru \u00e2\u2019r digwyddiad Zoom. Bydd pob gweithdy\u2019n para 40 munud.<\/p>\n<p>&nbsp;<\/p>\n<p>Bydd pob gweithdy\u2019n cael ei recordio. Gallwch wylio recordiad o bob gweithdy ar wefan Awtistiaeth Cymru ar \u00f4l y digwyddiad.<\/p>\n<p>&nbsp;<\/p>\n<p>Er mwyn eich helpu i ddewis pa weithdy yr hoffech ei fynychu, edrychwch ar ein Llyfryn Cyfranogwyr. Mae&#8217;n darparu mwy o wybodaeth am gynnwys pob gweithdy a phwy fydd yn hwyluso\u2019r gweithdai. Dewch o hyd i&#8217;r llyfryn cyfranogwyr <a href=\"https:\/\/neurodivergencewales.org\/wp-content\/uploads\/2021\/11\/exploring-employment_booklet_CYM_02.pdf\">yma<\/a>.<\/p>\n<p>&nbsp;<\/p>\n<p>Cofrestrwch gan ddefnyddio\u2019r ddolen hon: <a href=\"https:\/\/us02web.zoom.us\/meeting\/register\/tZMkceGsrjwqH93_Fr7IkJt4_hDcn1T4zaeZ\">https:\/\/us02web.zoom.us\/meeting\/register\/tZMkceGsrjwqH93_Fr7IkJt4_hDcn1T4zaeZ<\/a><\/p>\n<p>&nbsp;<\/p>\n<p>Am ledaenu&#8217;r gair am y digwyddiad? Anfonwch ein taflen ddwyieithog at bawb rydych chi&#8217;n meddwl byddai&#8217;n elwa o&#8217;r digwyddiad hwn. Cyrchwch y daflen <a href=\"https:\/\/neurodivergencewales.org\/wp-content\/uploads\/2021\/11\/Exploring-Employment-bilingual-flyer-1.pdf\">yma<\/a>.<\/p>\n<p>&nbsp;<\/p>\n<h2>Cyfarfod ag Ewan! Gwyliwch ein fideo hyrwyddo Archwilio Cyflogaeth:<\/h2>\n<p>&nbsp;<\/p>\n<p>Mae Ewan yn aelod o&#8217;n gr\u0175p cynghori. Yn y fideo hwn mae\u2019n s\u00f4n am ei brofiad o fod yn y gr\u0175p cynghori, sut mae adnoddau cyflogaeth y T\u00eem Awtistiaeth Cenedlaethol wedi ei helpu a\u2019r hyn y mae\u2019n edrych ymlaen ato am y digwyddiad.<\/p>\n<p>&nbsp;<\/p>\n<p>Ymunwch ag Ewan yn ein digwyddiad \u2018Archwilio Cyflogaeth\u2019, trwy arwyddo i\u2019r digwyddiad yn y ddolen uchod heddiw!<\/p>\n<p>&nbsp;<\/p>\n<div style=\"width: 800px;\" class=\"wp-video\"><video class=\"wp-video-shortcode\" id=\"video-57731-1\" width=\"800\" height=\"450\" preload=\"metadata\" controls=\"controls\"><source type=\"video\/mp4\" src=\"https:\/\/neurodivergencewales.org\/wp-content\/uploads\/2021\/07\/30-SECOND-V1-Welsh.mp4?_=1\" \/><a href=\"https:\/\/neurodivergencewales.org\/wp-content\/uploads\/2021\/07\/30-SECOND-V1-Welsh.mp4\">https:\/\/neurodivergencewales.org\/wp-content\/uploads\/2021\/07\/30-SECOND-V1-Welsh.mp4<\/a><\/video><\/div>\n","protected":false},"excerpt":{"rendered":"<p>Archwilio Cyflogaeth: Sut i ddod o hyd i&#8217;r swydd neu&#8217;r yrfa sy&#8217;n iawn i chi a&#8217;i chadw 3ydd Rhagfyr &#8211; 10yb-12:45yh &nbsp; Cynhaliodd y T\u00eem Awtistiaeth Cenedlaethol ddigwyddiad cyflogaeth i gyflogwyr ym mis Rhagfyr 2020. Canolbwyntiodd y digwyddiad hwn ar addysgu cyflogwyr am anghenion pobl awtistig a&#8217;r addasiadau rhesymol y mae&#8217;n rhaid eu rhoi mewn [&hellip;]<\/p>\n","protected":false},"featured_media":57719,"template":"","categories":[5],"class_list":["post-57731","events","type-events","status-publish","has-post-thumbnail","hentry","category-uncategorized-cy"],"acf":[],"yoast_head":"<!-- This site is optimized with the Yoast SEO plugin v27.6 - https:\/\/yoast.com\/product\/yoast-seo-wordpress\/ -->\n<title>Digwyddiadau Cyflogaeth Am Ddim - Niwrowahaniaeth Cymru | Neurodivergence Wales | National Neurodivergence Team<\/title>\n<meta name=\"robots\" content=\"index, follow, max-snippet:-1, max-image-preview:large, max-video-preview:-1\" \/>\n<link rel=\"canonical\" href=\"https:\/\/neurodivergencewales.org\/cy\/news\/events\/free-employment-event\/\" \/>\n<meta property=\"og:locale\" content=\"cy_GB\" \/>\n<meta property=\"og:type\" content=\"article\" \/>\n<meta property=\"og:title\" content=\"Digwyddiadau Cyflogaeth Am Ddim - Niwrowahaniaeth Cymru | Neurodivergence Wales | National Neurodivergence Team\" \/>\n<meta property=\"og:description\" content=\"Archwilio Cyflogaeth: Sut i ddod o hyd i&#8217;r swydd neu&#8217;r yrfa sy&#8217;n iawn i chi a&#8217;i chadw 3ydd Rhagfyr &#8211; 10yb-12:45yh &nbsp; Cynhaliodd y T\u00eem Awtistiaeth Cenedlaethol ddigwyddiad cyflogaeth i gyflogwyr ym mis Rhagfyr 2020. Canolbwyntiodd y digwyddiad hwn ar addysgu cyflogwyr am anghenion pobl awtistig a&#8217;r addasiadau rhesymol y mae&#8217;n rhaid eu rhoi mewn [&hellip;]\" \/>\n<meta property=\"og:url\" content=\"https:\/\/neurodivergencewales.org\/cy\/news\/events\/free-employment-event\/\" \/>\n<meta property=\"og:site_name\" content=\"Niwrowahaniaeth Cymru | Neurodivergence Wales | National Neurodivergence Team\" \/>\n<meta property=\"article:modified_time\" content=\"2021-11-26T16:16:38+00:00\" \/>\n<meta property=\"og:image\" content=\"https:\/\/neurodivergencewales.org\/wp-content\/uploads\/2021\/12\/Employment-Survey-Banner-002.jpg\" \/>\n\t<meta property=\"og:image:width\" content=\"1920\" \/>\n\t<meta property=\"og:image:height\" content=\"400\" \/>\n\t<meta property=\"og:image:type\" content=\"image\/jpeg\" \/>\n<meta name=\"twitter:card\" content=\"summary_large_image\" \/>\n<meta name=\"twitter:label1\" content=\"Est. reading time\" \/>\n\t<meta name=\"twitter:data1\" content=\"4 minutes\" \/>\n<script type=\"application\/ld+json\" class=\"yoast-schema-graph\">{\"@context\":\"https:\\\/\\\/schema.org\",\"@graph\":[{\"@type\":\"WebPage\",\"@id\":\"https:\\\/\\\/neurodivergencewales.org\\\/cy\\\/news\\\/events\\\/free-employment-event\\\/\",\"url\":\"https:\\\/\\\/neurodivergencewales.org\\\/cy\\\/news\\\/events\\\/free-employment-event\\\/\",\"name\":\"Digwyddiadau Cyflogaeth Am Ddim - Niwrowahaniaeth Cymru | Neurodivergence Wales | National Neurodivergence Team\",\"isPartOf\":{\"@id\":\"https:\\\/\\\/neurodivergencewales.org\\\/cy\\\/#website\"},\"primaryImageOfPage\":{\"@id\":\"https:\\\/\\\/neurodivergencewales.org\\\/cy\\\/news\\\/events\\\/free-employment-event\\\/#primaryimage\"},\"image\":{\"@id\":\"https:\\\/\\\/neurodivergencewales.org\\\/cy\\\/news\\\/events\\\/free-employment-event\\\/#primaryimage\"},\"thumbnailUrl\":\"https:\\\/\\\/neurodivergencewales.org\\\/wp-content\\\/uploads\\\/2021\\\/12\\\/Employment-Survey-Banner-002.jpg\",\"datePublished\":\"2021-07-02T13:41:06+00:00\",\"dateModified\":\"2021-11-26T16:16:38+00:00\",\"breadcrumb\":{\"@id\":\"https:\\\/\\\/neurodivergencewales.org\\\/cy\\\/news\\\/events\\\/free-employment-event\\\/#breadcrumb\"},\"inLanguage\":\"cy-GB\",\"potentialAction\":[{\"@type\":\"ReadAction\",\"target\":[\"https:\\\/\\\/neurodivergencewales.org\\\/cy\\\/news\\\/events\\\/free-employment-event\\\/\"]}]},{\"@type\":\"ImageObject\",\"inLanguage\":\"cy-GB\",\"@id\":\"https:\\\/\\\/neurodivergencewales.org\\\/cy\\\/news\\\/events\\\/free-employment-event\\\/#primaryimage\",\"url\":\"https:\\\/\\\/neurodivergencewales.org\\\/wp-content\\\/uploads\\\/2021\\\/12\\\/Employment-Survey-Banner-002.jpg\",\"contentUrl\":\"https:\\\/\\\/neurodivergencewales.org\\\/wp-content\\\/uploads\\\/2021\\\/12\\\/Employment-Survey-Banner-002.jpg\",\"width\":1920,\"height\":400},{\"@type\":\"BreadcrumbList\",\"@id\":\"https:\\\/\\\/neurodivergencewales.org\\\/cy\\\/news\\\/events\\\/free-employment-event\\\/#breadcrumb\",\"itemListElement\":[{\"@type\":\"ListItem\",\"position\":1,\"name\":\"Hafan\",\"item\":\"https:\\\/\\\/neurodivergencewales.org\\\/cy\\\/\"},{\"@type\":\"ListItem\",\"position\":2,\"name\":\"Events\",\"item\":\"https:\\\/\\\/neurodivergencewales.org\\\/cy\\\/news\\\/events\\\/\"},{\"@type\":\"ListItem\",\"position\":3,\"name\":\"Digwyddiadau Cyflogaeth Am Ddim\"}]},{\"@type\":\"WebSite\",\"@id\":\"https:\\\/\\\/neurodivergencewales.org\\\/cy\\\/#website\",\"url\":\"https:\\\/\\\/neurodivergencewales.org\\\/cy\\\/\",\"name\":\"Niwrowahaniaeth Cymru | Neurodivergence Wales | National Neurodivergence Team\",\"description\":\"\",\"publisher\":{\"@id\":\"https:\\\/\\\/neurodivergencewales.org\\\/cy\\\/#organization\"},\"potentialAction\":[{\"@type\":\"SearchAction\",\"target\":{\"@type\":\"EntryPoint\",\"urlTemplate\":\"https:\\\/\\\/neurodivergencewales.org\\\/cy\\\/?s={search_term_string}\"},\"query-input\":{\"@type\":\"PropertyValueSpecification\",\"valueRequired\":true,\"valueName\":\"search_term_string\"}}],\"inLanguage\":\"cy-GB\"},{\"@type\":\"Organization\",\"@id\":\"https:\\\/\\\/neurodivergencewales.org\\\/cy\\\/#organization\",\"name\":\"Niwrowahaniaeth Cymru | Neurodivergence Wales | National Neurodivergence Team\",\"url\":\"https:\\\/\\\/neurodivergencewales.org\\\/cy\\\/\",\"logo\":{\"@type\":\"ImageObject\",\"inLanguage\":\"cy-GB\",\"@id\":\"https:\\\/\\\/neurodivergencewales.org\\\/cy\\\/#\\\/schema\\\/logo\\\/image\\\/\",\"url\":\"https:\\\/\\\/neurodivergencewales.org\\\/wp-content\\\/uploads\\\/2022\\\/03\\\/NeurodivergenceWales_Logo_2024.png\",\"contentUrl\":\"https:\\\/\\\/neurodivergencewales.org\\\/wp-content\\\/uploads\\\/2022\\\/03\\\/NeurodivergenceWales_Logo_2024.png\",\"width\":3516,\"height\":4514,\"caption\":\"Niwrowahaniaeth Cymru | Neurodivergence Wales | National Neurodivergence Team\"},\"image\":{\"@id\":\"https:\\\/\\\/neurodivergencewales.org\\\/cy\\\/#\\\/schema\\\/logo\\\/image\\\/\"}}]}<\/script>\n<!-- \/ Yoast SEO plugin. -->","yoast_head_json":{"title":"Digwyddiadau Cyflogaeth Am Ddim - Niwrowahaniaeth Cymru | Neurodivergence Wales | National Neurodivergence Team","robots":{"index":"index","follow":"follow","max-snippet":"max-snippet:-1","max-image-preview":"max-image-preview:large","max-video-preview":"max-video-preview:-1"},"canonical":"https:\/\/neurodivergencewales.org\/cy\/news\/events\/free-employment-event\/","og_locale":"cy_GB","og_type":"article","og_title":"Digwyddiadau Cyflogaeth Am Ddim - Niwrowahaniaeth Cymru | Neurodivergence Wales | National Neurodivergence Team","og_description":"Archwilio Cyflogaeth: Sut i ddod o hyd i&#8217;r swydd neu&#8217;r yrfa sy&#8217;n iawn i chi a&#8217;i chadw 3ydd Rhagfyr &#8211; 10yb-12:45yh &nbsp; Cynhaliodd y T\u00eem Awtistiaeth Cenedlaethol ddigwyddiad cyflogaeth i gyflogwyr ym mis Rhagfyr 2020. Canolbwyntiodd y digwyddiad hwn ar addysgu cyflogwyr am anghenion pobl awtistig a&#8217;r addasiadau rhesymol y mae&#8217;n rhaid eu rhoi mewn [&hellip;]","og_url":"https:\/\/neurodivergencewales.org\/cy\/news\/events\/free-employment-event\/","og_site_name":"Niwrowahaniaeth Cymru | Neurodivergence Wales | National Neurodivergence Team","article_modified_time":"2021-11-26T16:16:38+00:00","og_image":[{"width":1920,"height":400,"url":"https:\/\/neurodivergencewales.org\/wp-content\/uploads\/2021\/12\/Employment-Survey-Banner-002.jpg","type":"image\/jpeg"}],"twitter_card":"summary_large_image","twitter_misc":{"Est. reading time":"4 minutes"},"schema":{"@context":"https:\/\/schema.org","@graph":[{"@type":"WebPage","@id":"https:\/\/neurodivergencewales.org\/cy\/news\/events\/free-employment-event\/","url":"https:\/\/neurodivergencewales.org\/cy\/news\/events\/free-employment-event\/","name":"Digwyddiadau Cyflogaeth Am Ddim - Niwrowahaniaeth Cymru | Neurodivergence Wales | National Neurodivergence Team","isPartOf":{"@id":"https:\/\/neurodivergencewales.org\/cy\/#website"},"primaryImageOfPage":{"@id":"https:\/\/neurodivergencewales.org\/cy\/news\/events\/free-employment-event\/#primaryimage"},"image":{"@id":"https:\/\/neurodivergencewales.org\/cy\/news\/events\/free-employment-event\/#primaryimage"},"thumbnailUrl":"https:\/\/neurodivergencewales.org\/wp-content\/uploads\/2021\/12\/Employment-Survey-Banner-002.jpg","datePublished":"2021-07-02T13:41:06+00:00","dateModified":"2021-11-26T16:16:38+00:00","breadcrumb":{"@id":"https:\/\/neurodivergencewales.org\/cy\/news\/events\/free-employment-event\/#breadcrumb"},"inLanguage":"cy-GB","potentialAction":[{"@type":"ReadAction","target":["https:\/\/neurodivergencewales.org\/cy\/news\/events\/free-employment-event\/"]}]},{"@type":"ImageObject","inLanguage":"cy-GB","@id":"https:\/\/neurodivergencewales.org\/cy\/news\/events\/free-employment-event\/#primaryimage","url":"https:\/\/neurodivergencewales.org\/wp-content\/uploads\/2021\/12\/Employment-Survey-Banner-002.jpg","contentUrl":"https:\/\/neurodivergencewales.org\/wp-content\/uploads\/2021\/12\/Employment-Survey-Banner-002.jpg","width":1920,"height":400},{"@type":"BreadcrumbList","@id":"https:\/\/neurodivergencewales.org\/cy\/news\/events\/free-employment-event\/#breadcrumb","itemListElement":[{"@type":"ListItem","position":1,"name":"Hafan","item":"https:\/\/neurodivergencewales.org\/cy\/"},{"@type":"ListItem","position":2,"name":"Events","item":"https:\/\/neurodivergencewales.org\/cy\/news\/events\/"},{"@type":"ListItem","position":3,"name":"Digwyddiadau Cyflogaeth Am Ddim"}]},{"@type":"WebSite","@id":"https:\/\/neurodivergencewales.org\/cy\/#website","url":"https:\/\/neurodivergencewales.org\/cy\/","name":"Niwrowahaniaeth Cymru | Neurodivergence Wales | National Neurodivergence Team","description":"","publisher":{"@id":"https:\/\/neurodivergencewales.org\/cy\/#organization"},"potentialAction":[{"@type":"SearchAction","target":{"@type":"EntryPoint","urlTemplate":"https:\/\/neurodivergencewales.org\/cy\/?s={search_term_string}"},"query-input":{"@type":"PropertyValueSpecification","valueRequired":true,"valueName":"search_term_string"}}],"inLanguage":"cy-GB"},{"@type":"Organization","@id":"https:\/\/neurodivergencewales.org\/cy\/#organization","name":"Niwrowahaniaeth Cymru | Neurodivergence Wales | National Neurodivergence Team","url":"https:\/\/neurodivergencewales.org\/cy\/","logo":{"@type":"ImageObject","inLanguage":"cy-GB","@id":"https:\/\/neurodivergencewales.org\/cy\/#\/schema\/logo\/image\/","url":"https:\/\/neurodivergencewales.org\/wp-content\/uploads\/2022\/03\/NeurodivergenceWales_Logo_2024.png","contentUrl":"https:\/\/neurodivergencewales.org\/wp-content\/uploads\/2022\/03\/NeurodivergenceWales_Logo_2024.png","width":3516,"height":4514,"caption":"Niwrowahaniaeth Cymru | Neurodivergence Wales | National Neurodivergence Team"},"image":{"@id":"https:\/\/neurodivergencewales.org\/cy\/#\/schema\/logo\/image\/"}}]}},"_links":{"self":[{"href":"https:\/\/neurodivergencewales.org\/cy\/wp-json\/wp\/v2\/events\/57731","targetHints":{"allow":["GET"]}}],"collection":[{"href":"https:\/\/neurodivergencewales.org\/cy\/wp-json\/wp\/v2\/events"}],"about":[{"href":"https:\/\/neurodivergencewales.org\/cy\/wp-json\/wp\/v2\/types\/events"}],"version-history":[{"count":2,"href":"https:\/\/neurodivergencewales.org\/cy\/wp-json\/wp\/v2\/events\/57731\/revisions"}],"predecessor-version":[{"id":69172,"href":"https:\/\/neurodivergencewales.org\/cy\/wp-json\/wp\/v2\/events\/57731\/revisions\/69172"}],"wp:featuredmedia":[{"embeddable":true,"href":"https:\/\/neurodivergencewales.org\/cy\/wp-json\/wp\/v2\/media\/57719"}],"wp:attachment":[{"href":"https:\/\/neurodivergencewales.org\/cy\/wp-json\/wp\/v2\/media?parent=57731"}],"wp:term":[{"taxonomy":"category","embeddable":true,"href":"https:\/\/neurodivergencewales.org\/cy\/wp-json\/wp\/v2\/categories?post=57731"}],"curies":[{"name":"wp","href":"https:\/\/api.w.org\/{rel}","templated":true}]}}